{"id":356,"date":"2015-02-04T12:30:40","date_gmt":"2015-02-04T12:30:40","guid":{"rendered":"https:\/\/www.cobelen.es\/es\/?page_id=356"},"modified":"2018-04-05T12:58:35","modified_gmt":"2018-04-05T10:58:35","slug":"recetas","status":"publish","type":"page","link":"https:\/\/www.cobelen.es\/es\/vida-sana\/recetas\/","title":{"rendered":"Recetas"},"content":{"rendered":"<div class=\"one_third\">\n<p><a title=\"Ali\u00f1o tropical con aceitunas Gordal y migas de bacalao\" href=\"https:\/\/www.cobelen.es\/es\/vida-sana\/recetas\/alino-tropical-con-aceitunas-gordal-y-migas-de-bacalao\/\"><img loading=\"lazy\" decoding=\"async\" width=\"550\" height=\"385\" class=\"aligncenter size-full wp-image-505\" src=\"https:\/\/www.cobelen.es\/es\/wp-content\/uploads\/2015\/02\/alino-tropical.jpg\" alt=\"alino tropical\" srcset=\"https:\/\/www.cobelen.es\/es\/wp-content\/uploads\/2015\/02\/alino-tropical.jpg 550w, https:\/\/www.cobelen.es\/es\/wp-content\/uploads\/2015\/02\/alino-tropical-300x210.jpg 300w\" sizes=\"(max-width: 550px) 100vw, 550px\" \/><\/a><\/p>\n<h3 style=\"text-align: center;\"><a title=\"Ali\u00f1o tropical con aceitunas Gordal y migas de bacalao\" href=\"https:\/\/www.cobelen.es\/es\/vida-sana\/recetas\/alino-tropical-con-aceitunas-gordal-y-migas-de-bacalao\/\">Ali\u00f1o tropical con aceitunas Gordal y migas de bacalao<\/a><\/h3>\n<\/div>\n<div class=\"one_third\">\n<p><a title=\"Panecillo de Jam\u00f3n Serrano y Aceitunas\" href=\"https:\/\/www.cobelen.es\/es\/vida-sana\/recetas\/panecillo-de-jamon-serrano-y-aceitunas\/\"><img loading=\"lazy\" decoding=\"async\" width=\"550\" height=\"385\" class=\"aligncenter size-full wp-image-507\" src=\"https:\/\/www.cobelen.es\/es\/wp-content\/uploads\/2015\/02\/panecillo-jamon.jpg\" alt=\"panecillo jamon\" srcset=\"https:\/\/www.cobelen.es\/es\/wp-content\/uploads\/2015\/02\/panecillo-jamon.jpg 550w, https:\/\/www.cobelen.es\/es\/wp-content\/uploads\/2015\/02\/panecillo-jamon-300x210.jpg 300w\" sizes=\"(max-width: 550px) 100vw, 550px\" \/><\/a><\/p>\n<h3 style=\"text-align: center;\"><a title=\"Panecillo de Jam\u00f3n Serrano y Aceitunas\" href=\"https:\/\/www.cobelen.es\/es\/vida-sana\/recetas\/panecillo-de-jamon-serrano-y-aceitunas\/\">Panecillo de Jam\u00f3n Serrano y Aceitunas<\/a><\/h3>\n<\/div>\n<div class=\"one_third last\">\n<p><a title=\"Ensaladita de aceitunas verdes, pasta y vinagreta de lim\u00f3n\" href=\"https:\/\/www.cobelen.es\/es\/vida-sana\/recetas\/ensaladita-de-aceitunas-verdes-pasta-y-vinagreta-de-limon\/\"><img loading=\"lazy\" decoding=\"async\" width=\"550\" height=\"385\" class=\"aligncenter size-full wp-image-508\" src=\"https:\/\/www.cobelen.es\/es\/wp-content\/uploads\/2015\/02\/ensaladita-aceitunas-verdes.jpg\" alt=\"ensaladita aceitunas verdes\" srcset=\"https:\/\/www.cobelen.es\/es\/wp-content\/uploads\/2015\/02\/ensaladita-aceitunas-verdes.jpg 550w, https:\/\/www.cobelen.es\/es\/wp-content\/uploads\/2015\/02\/ensaladita-aceitunas-verdes-300x210.jpg 300w\" sizes=\"(max-width: 550px) 100vw, 550px\" \/><\/a><\/p>\n<h3 style=\"text-align: center;\"><a title=\"Ensaladita de aceitunas verdes, pasta y vinagreta de lim\u00f3n\" href=\"https:\/\/www.cobelen.es\/es\/vida-sana\/recetas\/ensaladita-de-aceitunas-verdes-pasta-y-vinagreta-de-limon\/\">Ensaladita de aceitunas verdes, pasta y vinagreta de lim\u00f3n<\/a><\/h3>\n<\/div>\n<div class=\"clear\"><\/div>\n<div class=\"margen-2\"><\/div>\n<div class=\"one_third\">\n<p><a title=\"Pat\u00e9 de aceitunas\" href=\"https:\/\/www.cobelen.es\/es\/vida-sana\/recetas\/pate-de-aceitunas\/\"><img loading=\"lazy\" decoding=\"async\" width=\"550\" height=\"385\" class=\"aligncenter size-full wp-image-509\" src=\"https:\/\/www.cobelen.es\/es\/wp-content\/uploads\/2015\/02\/pate-aceitunas.jpg\" alt=\"pate-aceitunas\" srcset=\"https:\/\/www.cobelen.es\/es\/wp-content\/uploads\/2015\/02\/pate-aceitunas.jpg 550w, https:\/\/www.cobelen.es\/es\/wp-content\/uploads\/2015\/02\/pate-aceitunas-300x210.jpg 300w\" sizes=\"(max-width: 550px) 100vw, 550px\" \/><\/a><\/p>\n<h3 style=\"text-align: center;\"><a title=\"Pat\u00e9 de aceitunas\" href=\"https:\/\/www.cobelen.es\/es\/vida-sana\/recetas\/pate-de-aceitunas\/\">Pat\u00e9 de aceitunas<\/a><\/h3>\n<\/div>\n<div class=\"one_third\">\n<p><a title=\"Pasta con albahaca, mozzarella y aceitunas\" href=\"https:\/\/www.cobelen.es\/es\/vida-sana\/recetas\/pasta-con-albahaca-mozzarella-y-aceitunas\/\"><img loading=\"lazy\" decoding=\"async\" width=\"550\" height=\"385\" class=\"aligncenter size-full wp-image-510\" src=\"https:\/\/www.cobelen.es\/es\/wp-content\/uploads\/2015\/02\/pasta-albahaca.jpg\" alt=\"pasta-albahaca\" srcset=\"https:\/\/www.cobelen.es\/es\/wp-content\/uploads\/2015\/02\/pasta-albahaca.jpg 550w, https:\/\/www.cobelen.es\/es\/wp-content\/uploads\/2015\/02\/pasta-albahaca-300x210.jpg 300w\" sizes=\"(max-width: 550px) 100vw, 550px\" \/><\/a><\/p>\n<h3 style=\"text-align: center;\"><a title=\"Pasta con albahaca, mozzarella y aceitunas\" href=\"https:\/\/www.cobelen.es\/es\/vida-sana\/recetas\/pasta-con-albahaca-mozzarella-y-aceitunas\/\">Pasta con albahaca, mozzarella y aceitunas<\/a><\/h3>\n<\/div>\n<div class=\"one_third last\">\n<h3 style=\"text-align: center;\"><a title=\"Arroz con conejo y aceitunas\" href=\"https:\/\/www.cobelen.es\/es\/vida-sana\/recetas\/arroz-con-conejo-y-aceitunas\/\"><img loading=\"lazy\" decoding=\"async\" width=\"550\" height=\"385\" class=\"aligncenter size-full wp-image-511\" src=\"https:\/\/www.cobelen.es\/es\/wp-content\/uploads\/2015\/02\/arroz-conejo-aceitunas.jpg\" alt=\"arroz conejo aceitunas\" srcset=\"https:\/\/www.cobelen.es\/es\/wp-content\/uploads\/2015\/02\/arroz-conejo-aceitunas.jpg 550w, https:\/\/www.cobelen.es\/es\/wp-content\/uploads\/2015\/02\/arroz-conejo-aceitunas-300x210.jpg 300w\" sizes=\"(max-width: 550px) 100vw, 550px\" \/><\/a><br \/>\n<a title=\"Arroz con conejo y aceitunas\" href=\"https:\/\/www.cobelen.es\/es\/vida-sana\/recetas\/arroz-con-conejo-y-aceitunas\/\">Arroz con conejo y aceitunas<\/a><\/h3>\n<\/div>\n<div class=\"clear\"><\/div>\n<div class=\"margen-2\"><\/div>\n<div class=\"one_third\">\n<p><a title=\"Salm\u00f3n con aceitunas negras y tomates cherry\" href=\"https:\/\/www.cobelen.es\/es\/vida-sana\/recetas\/salmon-con-aceitunas-negras-y-tomates-cherry\/\"><img loading=\"lazy\" decoding=\"async\" width=\"650\" height=\"455\" class=\" size-full wp-image-757 aligncenter\" src=\"https:\/\/www.cobelen.es\/es\/wp-content\/uploads\/2015\/05\/receta-salmon-con-aceitunas.jpg\" alt=\"receta salmon con aceitunas\" srcset=\"https:\/\/www.cobelen.es\/es\/wp-content\/uploads\/2015\/05\/receta-salmon-con-aceitunas.jpg 650w, https:\/\/www.cobelen.es\/es\/wp-content\/uploads\/2015\/05\/receta-salmon-con-aceitunas-300x210.jpg 300w\" sizes=\"(max-width: 650px) 100vw, 650px\" \/><\/a><\/p>\n<h3 style=\"text-align: center;\"><a title=\"Salm\u00f3n con aceitunas negras y tomates cherry\" href=\"https:\/\/www.cobelen.es\/es\/vida-sana\/recetas\/salmon-con-aceitunas-negras-y-tomates-cherry\/\">Salm\u00f3n con aceitunas negras y tomates cherry<\/a><\/h3>\n<\/div>\n<div class=\"one_third\">\n<p><a href=\"https:\/\/www.cobelen.es\/es\/vida-sana\/recetas\/pollo-a-la-cerveza-con-esparragos-y-aceitunas\/\"><img loading=\"lazy\" decoding=\"async\" class=\" wp-image-795 size-full aligncenter\" src=\"https:\/\/www.cobelen.es\/es\/wp-content\/uploads\/2015\/06\/Receta-pollo-a-la-cerveza-con-esp\u00e1rragos-y-aceitunas.jpg\" alt=\"\" width=\"550\" height=\"385\" srcset=\"https:\/\/www.cobelen.es\/es\/wp-content\/uploads\/2015\/06\/Receta-pollo-a-la-cerveza-con-esp\u00e1rragos-y-aceitunas.jpg 550w, https:\/\/www.cobelen.es\/es\/wp-content\/uploads\/2015\/06\/Receta-pollo-a-la-cerveza-con-esp\u00e1rragos-y-aceitunas-300x210.jpg 300w\" sizes=\"(max-width: 550px) 100vw, 550px\" \/><\/a><\/p>\n<h3 style=\"text-align: center;\"><a title=\"Salm\u00f3n con aceitunas negras y tomates cherry\" href=\"https:\/\/www.cobelen.es\/es\/vida-sana\/recetas\/pollo-a-la-cerveza-con-esparragos-y-aceitunas\/\">Pollo a la cerveza con esp\u00e1rragos y aceitunas<\/a><\/h3>\n<\/div>\n<div class=\"one_third last\">\n<h3 style=\"text-align: center;\"><a href=\"https:\/\/www.cobelen.es\/es\/vida-sana\/recetas\/focaccia-de-aceitunas-y-romero\/\"><img loading=\"lazy\" decoding=\"async\" class=\"aligncenter wp-image-859\" src=\"https:\/\/www.cobelen.es\/es\/wp-content\/uploads\/2015\/07\/Receta-focaccia-de-aceitunas-y-romero.jpg\" alt=\"\" width=\"550\" height=\"385\" srcset=\"https:\/\/www.cobelen.es\/es\/wp-content\/uploads\/2015\/07\/Receta-focaccia-de-aceitunas-y-romero.jpg 680w, https:\/\/www.cobelen.es\/es\/wp-content\/uploads\/2015\/07\/Receta-focaccia-de-aceitunas-y-romero-300x210.jpg 300w\" sizes=\"(max-width: 550px) 100vw, 550px\" \/><\/a><br \/>\n<a title=\"Arroz con conejo y aceitunas\" href=\"https:\/\/www.cobelen.es\/es\/vida-sana\/recetas\/focaccia-de-aceitunas-y-romero\/\">Focaccia de aceitunas y romero<\/a><\/h3>\n<\/div>\n<div class=\"clear\"><\/div>\n<div class=\"margen-2\"><\/div>\n<div class=\"one_third\">\n<p><a href=\"https:\/\/www.cobelen.es\/es\/vida-sana\/recetas\/dorada-al-horno-aceitunas-alcaparras-tomates-cherry\/\"><img loading=\"lazy\" decoding=\"async\" class=\"aligncenter wp-image-908 size-full\" src=\"https:\/\/www.cobelen.es\/es\/wp-content\/uploads\/2015\/09\/Receta-dorada-al-horno-con-aceitunas-e1441288622473.jpg\" alt=\"\" width=\"550\" height=\"385\" \/><\/a><\/p>\n<h3 style=\"text-align: center;\"><a href=\"https:\/\/www.cobelen.es\/es\/vida-sana\/recetas\/dorada-al-horno-aceitunas-alcaparras-tomates-cherry\/\">Dorada al horno con aceitunas, alcaparras y tomates cherry<\/a><\/h3>\n<\/div>\n<div class=\"one_third\">\n<p><a href=\"https:\/\/www.cobelen.es\/es\/vida-sana\/recetas\/pizza-champinones-aceitunas-negras\/\"><img loading=\"lazy\" decoding=\"async\" class=\"aligncenter wp-image-993 size-full\" src=\"https:\/\/www.cobelen.es\/es\/wp-content\/uploads\/2015\/10\/Pizza-de-champi\u00f1ones-con-aceitunas-negras.jpg\" alt=\"\" width=\"550\" height=\"385\" srcset=\"https:\/\/www.cobelen.es\/es\/wp-content\/uploads\/2015\/10\/Pizza-de-champi\u00f1ones-con-aceitunas-negras.jpg 550w, https:\/\/www.cobelen.es\/es\/wp-content\/uploads\/2015\/10\/Pizza-de-champi\u00f1ones-con-aceitunas-negras-300x210.jpg 300w\" sizes=\"(max-width: 550px) 100vw, 550px\" \/><\/a><\/p>\n<h3 style=\"text-align: center;\"><a title=\"Salm\u00f3n con aceitunas negras y tomates cherry\" href=\"https:\/\/www.cobelen.es\/es\/vida-sana\/recetas\/pizza-champinones-aceitunas-negras\/\">Pizza de champi\u00f1ones y aceitunas negras<\/a><\/h3>\n<\/div>\n<div class=\"one_third last\">\n<p><a href=\"https:\/\/www.cobelen.es\/es\/pollo-con-aceitunas\/\"><img loading=\"lazy\" decoding=\"async\" class=\"aligncenter wp-image-1014 size-full\" src=\"https:\/\/www.cobelen.es\/es\/wp-content\/uploads\/2015\/11\/Pollo-con-aceitunas.jpg\" alt=\"\" width=\"568\" height=\"397\" srcset=\"https:\/\/www.cobelen.es\/es\/wp-content\/uploads\/2015\/11\/Pollo-con-aceitunas.jpg 568w, https:\/\/www.cobelen.es\/es\/wp-content\/uploads\/2015\/11\/Pollo-con-aceitunas-300x210.jpg 300w\" sizes=\"(max-width: 568px) 100vw, 568px\" \/><\/a><\/p>\n<h3 style=\"text-align: center;\"><a href=\"https:\/\/www.cobelen.es\/es\/pollo-con-aceitunas\/\">Pollo con aceitunas verdes<\/a><\/h3>\n<\/div>\n<div class=\"clear\"><a href=\"https:\/\/www.cobelen.es\/es\/pollo-con-aceitunas\/\">\u00a0<\/a><\/div>\n<div class=\"margen-2\"><\/div>\n<div class=\"one_third\">\n<p><a href=\"https:\/\/www.cobelen.es\/es\/pastel-de-calabaza-queso-y-aceitunas\/\"><img loading=\"lazy\" decoding=\"async\" class=\"aligncenter wp-image-1033 size-full\" src=\"https:\/\/www.cobelen.es\/es\/wp-content\/uploads\/2015\/12\/Receta-pastel-de-calabaza-queso-y-aceitunas.jpg\" alt=\"\" width=\"550\" height=\"384\" srcset=\"https:\/\/www.cobelen.es\/es\/wp-content\/uploads\/2015\/12\/Receta-pastel-de-calabaza-queso-y-aceitunas.jpg 550w, https:\/\/www.cobelen.es\/es\/wp-content\/uploads\/2015\/12\/Receta-pastel-de-calabaza-queso-y-aceitunas-300x209.jpg 300w\" sizes=\"(max-width: 550px) 100vw, 550px\" \/><\/a><\/p>\n<h3 style=\"text-align: center;\"><a href=\"https:\/\/www.cobelen.es\/es\/pastel-de-calabaza-queso-y-aceitunas\/\">Pastel de calabaza, queso y aceitunas<\/a><\/h3>\n<\/div>\n<div class=\"one_third\">\n<p><a href=\"https:\/\/www.cobelen.es\/es\/vida-sana\/recetas\/aceitunas-a-la-villaroy\/\"><img loading=\"lazy\" decoding=\"async\" class=\"aligncenter wp-image-1054 size-full\" src=\"https:\/\/www.cobelen.es\/es\/wp-content\/uploads\/2016\/01\/Receta-aceitunas-a-la-villaroy.jpg\" alt=\"\" width=\"550\" height=\"385\" srcset=\"https:\/\/www.cobelen.es\/es\/wp-content\/uploads\/2016\/01\/Receta-aceitunas-a-la-villaroy.jpg 550w, https:\/\/www.cobelen.es\/es\/wp-content\/uploads\/2016\/01\/Receta-aceitunas-a-la-villaroy-300x210.jpg 300w\" sizes=\"(max-width: 550px) 100vw, 550px\" \/><\/a><\/p>\n<h3 style=\"text-align: center;\"><a title=\"Salm\u00f3n con aceitunas negras y tomates cherry\" href=\"https:\/\/www.cobelen.es\/es\/vida-sana\/recetas\/aceitunas-a-la-villaroy\/\">Aceitunas a la Villaroy<\/a><\/h3>\n<\/div>\n<div class=\"one_third last\">\n<p><a href=\"https:\/\/www.cobelen.es\/es\/vida-sana\/recetas\/muffins-de-aceitunas-negras-y-parmesano\/\"><img loading=\"lazy\" decoding=\"async\" class=\"aligncenter wp-image-1062 size-full\" src=\"https:\/\/www.cobelen.es\/es\/wp-content\/uploads\/2016\/01\/Muffins-de-aceitunas-negras-y-parmesano.jpg\" alt=\"\" width=\"550\" height=\"385\" srcset=\"https:\/\/www.cobelen.es\/es\/wp-content\/uploads\/2016\/01\/Muffins-de-aceitunas-negras-y-parmesano.jpg 550w, https:\/\/www.cobelen.es\/es\/wp-content\/uploads\/2016\/01\/Muffins-de-aceitunas-negras-y-parmesano-300x210.jpg 300w\" sizes=\"(max-width: 550px) 100vw, 550px\" \/><\/a><\/p>\n<h3 style=\"text-align: center;\"><a href=\"https:\/\/www.cobelen.es\/es\/vida-sana\/recetas\/muffins-de-aceitunas-negras-y-parmesano\/\">Muffins de aceitunas negras y parmesano<\/a><\/h3>\n<\/div>\n<div class=\"clear\"><a href=\"https:\/\/www.cobelen.es\/es\/pollo-con-aceitunas\/\">\u00a0<\/a><\/div>\n<div class=\"clear\"><\/div>\n<div class=\"margen-2\"><\/div>\n<div class=\"one_third\">\n<p><a href=\"https:\/\/www.cobelen.es\/es\/vida-sana\/recetas\/migas-con-butifarra-pimientos-del-piquillo-y-aceitunas\/\"><img loading=\"lazy\" decoding=\"async\" class=\"aligncenter wp-image-1084 size-full\" src=\"https:\/\/www.cobelen.es\/es\/wp-content\/uploads\/2016\/02\/Receta-migas-con-butifarra-pimientos-del-piquillo-y-aceitunas-e1454584972409.jpg\" alt=\"\" width=\"550\" height=\"365\" \/><\/a><\/p>\n<h3 style=\"text-align: center;\"><a href=\"https:\/\/www.cobelen.es\/es\/vida-sana\/recetas\/migas-con-butifarra-pimientos-del-piquillo-y-aceitunas\/\">Migas con butifarra, pimientos del piquillo y aceitunas<\/a><\/h3>\n<\/div>\n<div class=\"one_third\">\n<p><a href=\"https:\/\/www.cobelen.es\/es\/vida-sana\/recetas\/ramequin-pate-queso-aceitunas-negras\/\"><img loading=\"lazy\" decoding=\"async\" class=\"aligncenter wp-image-993 size-full\" src=\"https:\/\/www.cobelen.es\/es\/wp-content\/uploads\/2015\/02\/ramequin-con-pate-de-queso-y-aceitunas-redimensionada.jpg\" alt=\"\" width=\"550\" height=\"385\" \/><\/a><\/p>\n<h3 style=\"text-align: center;\"><a href=\"https:\/\/www.cobelen.es\/es\/vida-sana\/recetas\/ramequin-pate-queso-aceitunas-negras\/\">Ramequ\u00edn de pat\u00e9 con queso y aceitunas negras<\/a><\/h3>\n<\/div>\n<div class=\"one_third last\">\n<p><a href=\"https:\/\/www.cobelen.es\/es\/vida-sana\/recetas\/tartar-atun-aceitunas\/\"><img loading=\"lazy\" decoding=\"async\" class=\"aligncenter wp-image-993 size-full\" src=\"https:\/\/www.cobelen.es\/es\/wp-content\/uploads\/2015\/02\/tartar-de-at\u00fan-con-aceitunas-1.jpg\" alt=\"\" width=\"550\" height=\"385\" \/><\/a><\/p>\n<h3 style=\"text-align: center;\"><a href=\"https:\/\/www.cobelen.es\/es\/vida-sana\/recetas\/tartar-atun-aceitunas\/\">Tartar de at\u00fan con aceitunas<\/a><\/h3>\n<\/div>\n<div class=\"clear\"><\/div>\n<div class=\"one_third\">\n<p><a href=\"https:\/\/www.cobelen.es\/es\/vida-sana\/recetas\/tallarines-salsa-aceitunas\/\"><img loading=\"lazy\" decoding=\"async\" class=\"aligncenter wp-image-993 size-full\" src=\"https:\/\/www.cobelen.es\/es\/wp-content\/uploads\/2016\/06\/receta-tallarines-con-salsa-de-aceitunas-e1465292947346.jpg\" alt=\"\" width=\"550\" height=\"385\" \/><\/a><\/p>\n<h3 style=\"text-align: center;\"><a href=\"https:\/\/www.cobelen.es\/es\/vida-sana\/recetas\/tallarines-salsa-aceitunas\/\">Tallarines con salsa de aceitunas<\/a><\/h3>\n<\/div>\n<div class=\"one_third\">\n<p><a href=\"https:\/\/www.cobelen.es\/es\/vida-sana\/recetas\/pollo-al-estilo-mediterraneo-aceitunas-alcaparras\/\"><img loading=\"lazy\" decoding=\"async\" class=\"aligncenter wp-image-993 size-full\" src=\"https:\/\/www.cobelen.es\/es\/wp-content\/uploads\/2016\/06\/receta-pollo-mediterraneo-redimensionada.jpg\" alt=\"\" width=\"550\" height=\"385\" \/><\/a><\/p>\n<h3 style=\"text-align: center;\"><a href=\"https:\/\/www.cobelen.es\/es\/vida-sana\/recetas\/pollo-al-estilo-mediterraneo-aceitunas-alcaparras\/\">Pollo al estilo mediterr\u00e1neo con aceitunas y alcaparras<\/a><\/h3>\n<\/div>\n<div class=\"one_third last\">\n<p><a href=\"https:\/\/www.cobelen.es\/es\/caponata-siciliana-berenjenas-aceitunas\/\"><img loading=\"lazy\" decoding=\"async\" class=\"aligncenter wp-image-993 size-full\" src=\"https:\/\/www.cobelen.es\/es\/wp-content\/uploads\/2016\/07\/caponata-siciliana-1-e1467638365286.jpg\" alt=\"\" width=\"550\" height=\"385\" \/><\/a><\/p>\n<h3 style=\"text-align: center;\"><a href=\"https:\/\/www.cobelen.es\/es\/caponata-siciliana-berenjenas-aceitunas\/\">Caponata siciliana con berenjenas y aceitunas<\/a><\/h3>\n<\/div>\n<div class=\"clear\"><\/div>\n<div class=\"one_third\">\n<p><a href=\"https:\/\/www.cobelen.es\/es\/vida-sana\/recetas\/ternera-provenzal-aceitunas\/\"><img loading=\"lazy\" decoding=\"async\" class=\"aligncenter wp-image-993 size-full\" src=\"https:\/\/www.cobelen.es\/es\/wp-content\/uploads\/2016\/07\/ternera-a-la-provenzal-con-aceitunas-e1469436603139.jpg?6e83de\" alt=\"\" width=\"550\" height=\"385\" \/><\/a><\/p>\n<h3 style=\"text-align: center;\"><a href=\"https:\/\/www.cobelen.es\/es\/vida-sana\/recetas\/ternera-provenzal-aceitunas\/\">Ternera a la provenzal con aceitunas<\/a><\/h3>\n<\/div>\n<div class=\"one_third\">\n<p><a href=\"https:\/\/www.cobelen.es\/es\/vida-sana\/recetas\/crema-aceitunas-anchoas-queso\/\"><img loading=\"lazy\" decoding=\"async\" class=\"aligncenter wp-image-993 size-full\" src=\"https:\/\/www.cobelen.es\/es\/wp-content\/uploads\/2016\/08\/crema-de-aceitunas-cobelen-receta.jpg\" alt=\"\" width=\"550\" height=\"385\" \/><\/a><\/p>\n<h3 style=\"text-align: center;\"><a href=\"https:\/\/www.cobelen.es\/es\/vida-sana\/recetas\/crema-aceitunas-anchoas-queso\/\">Crema de aceitunas con anchoas y queso<\/a><\/h3>\n<\/div>\n<div class=\"one_third last\">\n<p><a href=\"https:\/\/www.cobelen.es\/es\/vida-sana\/recetas\/panecillos-rusticos-aceitunas-sesamo\/\"><img loading=\"lazy\" decoding=\"async\" class=\"aligncenter wp-image-993 size-full\" src=\"https:\/\/www.cobelen.es\/es\/wp-content\/uploads\/2015\/02\/panecillos-rellenos-de-aceitunas\u00e7-1-e1471436996869.jpg\" alt=\"\" width=\"550\" height=\"385\" \/><\/a><\/p>\n<h3 style=\"text-align: center;\"><a href=\"https:\/\/www.cobelen.es\/es\/vida-sana\/recetas\/panecillos-rusticos-aceitunas-sesamo\/\">Panecillos r\u00fasticos de aceitunas y s\u00e9samo<\/a><\/h3>\n<\/div>\n<div class=\"clear\"><\/div>\n<div class=\"one_third\">\n<p><a href=\"https:\/\/www.cobelen.es\/es\/vida-sana\/recetas\/pastel-carne-aceitunas\/\"><img loading=\"lazy\" decoding=\"async\" class=\"aligncenter wp-image-993 size-full\" src=\"https:\/\/www.cobelen.es\/es\/wp-content\/uploads\/2015\/02\/3333COBEL\u00c9N-PASTEL-CARNE-e1472030742290.jpg\" alt=\"\" width=\"550\" height=\"385\" \/><\/a><\/p>\n<h3 style=\"text-align: center;\"><a href=\"https:\/\/www.cobelen.es\/es\/vida-sana\/recetas\/pastel-carne-aceitunas\/\">Pastel de carne con aceitunas<\/a><\/h3>\n<\/div>\n<div class=\"one_third\">\n<p><a href=\"https:\/\/www.cobelen.es\/es\/vida-sana\/recetas\/risotto-aceitunas-negras-albahaca-tomate\/\"><img loading=\"lazy\" decoding=\"async\" class=\"aligncenter wp-image-993 size-full\" src=\"https:\/\/www.cobelen.es\/es\/wp-content\/uploads\/2016\/08\/risotto-recortado-e1472562389809.jpg\" alt=\"\" width=\"550\" height=\"385\" \/><\/a><\/p>\n<h3 style=\"text-align: center;\"><a href=\"https:\/\/www.cobelen.es\/es\/vida-sana\/recetas\/risotto-aceitunas-negras-albahaca-tomate\/\">Risotto con aceitunas negras, albahaca y tomate<\/a><\/h3>\n<\/div>\n<div class=\"one_third last\">\n<p><a href=\"https:\/\/www.cobelen.es\/es\/vida-sana\/recetas\/tarta-cebolla-caramelizada-aceitunas\/\"><img loading=\"lazy\" decoding=\"async\" class=\"aligncenter wp-image-993 size-full\" src=\"https:\/\/www.cobelen.es\/es\/wp-content\/uploads\/2016\/09\/receta-tarta-con-queso-y-aceitunas-1-e1473418626897.jpg\" alt=\"\" width=\"550\" height=\"385\" \/><\/a><\/p>\n<h3 style=\"text-align: center;\"><a href=\"https:\/\/www.cobelen.es\/es\/vida-sana\/recetas\/tarta-cebolla-caramelizada-aceitunas\/\">Tarta de cebolla caramelizada con aceitunas<\/a><\/h3>\n<\/div>\n<div class=\"clear\"><\/div>\n<div class=\"one_third\">\n<p><a href=\"https:\/\/www.cobelen.es\/es\/vida-sana\/recetas\/lomo-aceitunas-negras-pimenton\/\"><img loading=\"lazy\" decoding=\"async\" class=\"aligncenter wp-image-993 size-full\" src=\"https:\/\/www.cobelen.es\/es\/wp-content\/uploads\/2015\/02\/lomo-con-aceitunas-y-piment\u00f3n-e1475148028396.jpg\" alt=\"\" width=\"550\" height=\"385\" \/><\/a><\/p>\n<h3 style=\"text-align: center;\"><a href=\"https:\/\/www.cobelen.es\/es\/vida-sana\/recetas\/lomo-aceitunas-negras-pimenton\/\">Lomo con aceitunas negras y piment\u00f3n<\/a><\/h3>\n<\/div>\n<div class=\"one_third\">\n<p><a href=\"https:\/\/www.cobelen.es\/es\/vida-sana\/recetas\/hamburguesas-pescado-aceitunas\/\"><img loading=\"lazy\" decoding=\"async\" class=\"aligncenter wp-image-993 size-full\" src=\"https:\/\/www.cobelen.es\/es\/wp-content\/uploads\/2015\/02\/hamburguesas-de-pescado-con-aceitunas-2222222.jpg\" alt=\"\" width=\"550\" height=\"385\" \/><\/a><\/p>\n<h3 style=\"text-align: center;\"><a href=\"https:\/\/www.cobelen.es\/es\/vida-sana\/recetas\/hamburguesas-pescado-aceitunas\/\">Hamburguesas de pescado con aceitunas<\/a><\/h3>\n<\/div>\n<div class=\"one_third last\">\n<p><a href=\"https:\/\/www.cobelen.es\/es\/vida-sana\/recetas\/empanadas-proteina-soja-aceitunas-huevo-tomate\/\"><img loading=\"lazy\" decoding=\"async\" class=\"aligncenter wp-image-993 size-full\" src=\"https:\/\/www.cobelen.es\/es\/wp-content\/uploads\/2016\/09\/empanadas-prote\u00edna-de-soja-e1475147561486.jpg\" alt=\"\" width=\"550\" height=\"385\" \/><\/a><\/p>\n<h3 style=\"text-align: center;\"><a href=\"https:\/\/www.cobelen.es\/es\/vida-sana\/recetas\/empanadas-proteina-soja-aceitunas-huevo-tomate\/\">Empanadas de prote\u00edna de soja, aceitunas, huevo y tomate<\/a><\/h3>\n<\/div>\n<div class=\"clear\"><\/div>\n<div class=\"one_third\">\n<p><a href=\"https:\/\/www.cobelen.es\/es\/ensalada-quinoa-aceitunas\/\"><img loading=\"lazy\" decoding=\"async\" class=\"aligncenter wp-image-993 size-full\" src=\"https:\/\/www.cobelen.es\/es\/wp-content\/uploads\/2016\/10\/ensalada-cobel\u00e9n-e1475838723270.jpg\" alt=\"\" width=\"550\" height=\"385\" \/><\/a><\/p>\n<h3 style=\"text-align: center;\"><a href=\"https:\/\/www.cobelen.es\/es\/ensalada-quinoa-aceitunas\/\">Ensalada de quinoa con aceitunas, calabac\u00edn y jalape\u00f1os<\/a><\/h3>\n<\/div>\n<div class=\"one_third\">\n<p><a href=\"https:\/\/www.cobelen.es\/es\/vida-sana\/recetas\/bacalao-dorado-aceitunas-negras\/\"><img loading=\"lazy\" decoding=\"async\" class=\"aligncenter wp-image-993 size-full\" src=\"https:\/\/www.cobelen.es\/es\/wp-content\/uploads\/2016\/01\/bacalao-receta.jpg\" alt=\"\" width=\"550\" height=\"385\" \/><\/a><\/p>\n<h3 style=\"text-align: center;\"><a href=\"https:\/\/www.cobelen.es\/es\/vida-sana\/recetas\/bacalao-dorado-aceitunas-negras\/\">Bacalao dorado con aceitunas negras<\/a><\/h3>\n<\/div>\n<div class=\"one_third last\">\n<p><a href=\"https:\/\/www.cobelen.es\/es\/vida-sana\/recetas\/salmon-judias-verdes-aceitunas\/\"><img loading=\"lazy\" decoding=\"async\" class=\"aligncenter wp-image-1115 size-full\" src=\"https:\/\/www.cobelen.es\/es\/wp-content\/uploads\/2015\/02\/Receta-salm\u00f3n-con-jud\u00edas-y-aceitunas-e1457696597354.jpg\" alt=\"\" width=\"550\" height=\"385\" \/><\/a><\/p>\n<h3 style=\"text-align: center;\"><a href=\"https:\/\/www.cobelen.es\/es\/vida-sana\/recetas\/salmon-judias-verdes-aceitunas\/\">Salm\u00f3n con jud\u00edas verdes y aceitunas<\/a><\/h3>\n<\/div>\n<div class=\"clear\"><\/div>\n<div class=\"one_third\">\n<p><a href=\"https:\/\/www.cobelen.es\/es\/vida-sana\/recetas\/arroz-caldoso-pollo-aceitunas-negras-habas\/\"><img loading=\"lazy\" decoding=\"async\" class=\"aligncenter wp-image-993 size-full\" src=\"https:\/\/www.cobelen.es\/es\/wp-content\/uploads\/2016\/10\/arroz-aceitunas-defini.jpg\" alt=\"\" width=\"550\" height=\"385\" \/><\/a><\/p>\n<h3 style=\"text-align: center;\"><a href=\"https:\/\/www.cobelen.es\/es\/vida-sana\/recetas\/arroz-caldoso-pollo-aceitunas-negras-habas\/\">Arroz caldoso con pollo, aceitunas negras y habas<\/a><\/h3>\n<\/div>\n<div class=\"one_third\">\n<p><a href=\"https:\/\/www.cobelen.es\/es\/vida-sana\/recetas\/tacos-revuelto-tofu-picante-aceitunas-negras\/\"><img loading=\"lazy\" decoding=\"async\" class=\"aligncenter wp-image-993 size-full\" src=\"https:\/\/www.cobelen.es\/es\/wp-content\/uploads\/2016\/11\/tofu-picante-con-aceitunas-negras.jpg\" alt=\"\" width=\"550\" height=\"385\" \/><\/a><\/p>\n<h3 style=\"text-align: center;\"><a href=\"https:\/\/www.cobelen.es\/es\/vida-sana\/recetas\/tacos-revuelto-tofu-picante-aceitunas-negras\/\">Tacos de revuelto de tofu con aceitunas negras<\/a><\/h3>\n<\/div>\n<div class=\"one_third last\">\n<p><a href=\"https:\/\/www.cobelen.es\/es\/vida-sana\/recetas\/panzanella-ensalada-pan-italiana\/\"><img loading=\"lazy\" decoding=\"async\" class=\"aligncenter wp-image-1115 size-full\" src=\"https:\/\/www.cobelen.es\/es\/wp-content\/uploads\/2016\/11\/panzanella-o-panmolle-ensalada-de-pan-italiana-REDIMENSIONN.jpg\" alt=\"\" width=\"550\" height=\"385\" \/><\/a><\/p>\n<h3 style=\"text-align: center;\"><a href=\"https:\/\/www.cobelen.es\/es\/vida-sana\/recetas\/panzanella-ensalada-pan-italiana\/\">Panzanella: ensalada de pan italiana<\/a><\/h3>\n<\/div>\n<div class=\"clear\"><\/div>\n<div class=\"one_third\">\n<p><a href=\"https:\/\/www.cobelen.es\/es\/vida-sana\/recetas\/1454-2\/\"><img loading=\"lazy\" decoding=\"async\" class=\"aligncenter wp-image-993 size-full\" src=\"https:\/\/www.cobelen.es\/es\/wp-content\/uploads\/2015\/02\/pez-espada-REDIMENSIONADO.jpg\" alt=\"\" width=\"550\" height=\"385\" \/><\/a><\/p>\n<h3 style=\"text-align: center;\"><a href=\"https:\/\/www.cobelen.es\/es\/vida-sana\/recetas\/1454-2\/\">Pez espada con aceitunas al estilo siciliano<\/a><\/h3>\n<\/div>\n<div class=\"one_third\">\n<p><a href=\"https:\/\/www.cobelen.es\/es\/pasta-fusilli-salsa-arrabiata-aceitunas-negras\/\"><img loading=\"lazy\" decoding=\"async\" class=\"aligncenter wp-image-993 size-full\" src=\"https:\/\/www.cobelen.es\/es\/wp-content\/uploads\/2016\/11\/1366_2000.jpg\" alt=\"\" width=\"550\" height=\"385\" \/><\/a><\/p>\n<h3 style=\"text-align: center;\"><a href=\"https:\/\/www.cobelen.es\/es\/pasta-fusilli-salsa-arrabiata-aceitunas-negras\/\">Pasta fusilli con salsa arrabbiata y aceitunas negras<\/a><\/h3>\n<\/div>\n<div class=\"one_third last\">\n<p><a href=\"https:\/\/www.cobelen.es\/es\/vida-sana\/recetas\/solomillo-cerdo-aceitunas\/\"><img loading=\"lazy\" decoding=\"async\" class=\"aligncenter wp-image-1115 size-full\" src=\"https:\/\/www.cobelen.es\/es\/wp-content\/uploads\/2016\/11\/aceituans-solomillo.jpg\" alt=\"\" width=\"550\" height=\"385\" \/><\/a><\/p>\n<h3 style=\"text-align: center;\"><a href=\"https:\/\/www.cobelen.es\/es\/vida-sana\/recetas\/solomillo-cerdo-aceitunas\/\">Solomillo de cerdo con aceitunas y Oporto<\/a><\/h3>\n<\/div>\n<div class=\"clear\"><\/div>\n<div class=\"one_third\">\n<p><a href=\"https:\/\/www.cobelen.es\/es\/pollo-aceitunas-la-provenzal\/\"><img loading=\"lazy\" decoding=\"async\" class=\"aligncenter wp-image-993 size-full\" src=\"https:\/\/www.cobelen.es\/es\/wp-content\/uploads\/2015\/02\/aceitunas-OLLLAA.jpg\" alt=\"\" width=\"550\" height=\"385\" \/><\/a><\/p>\n<h3 style=\"text-align: center;\"><a href=\"https:\/\/www.cobelen.es\/es\/pollo-aceitunas-la-provenzal\/\">Pollo con aceitunas a la provenzal<\/a><\/h3>\n<\/div>\n<div class=\"one_third\">\n<p><a href=\"https:\/\/www.cobelen.es\/es\/vida-sana\/recetas\/ensalada-burrata-italiana-tomate-monterosa-sal-aceitunas-negras\/\"><img loading=\"lazy\" decoding=\"async\" class=\"aligncenter wp-image-993 size-full\" src=\"https:\/\/www.cobelen.es\/es\/wp-content\/uploads\/2016\/12\/ensalada.jpg\" alt=\"\" width=\"550\" height=\"385\" \/><\/a><\/p>\n<h3 style=\"text-align: center;\"><a href=\"https:\/\/www.cobelen.es\/es\/vida-sana\/recetas\/ensalada-burrata-italiana-tomate-monterosa-sal-aceitunas-negras\/\">Ensalada de burrata italiana y tomate Monterosa con sal de aceitunas negras<\/a><\/h3>\n<\/div>\n<div class=\"one_third last\">\n<p><a href=\"https:\/\/www.cobelen.es\/es\/vida-sana\/recetas\/espirales-hojaldre-pasta-aceitunas-salmon-ahumado\/\"><img loading=\"lazy\" decoding=\"async\" class=\"aligncenter wp-image-1115 size-full\" src=\"https:\/\/www.cobelen.es\/es\/wp-content\/uploads\/2016\/12\/hojaldre-ESCALADO.jpg\" alt=\"\" width=\"550\" height=\"385\" \/><\/a><\/p>\n<h3 style=\"text-align: center;\"><a href=\"https:\/\/www.cobelen.es\/es\/vida-sana\/recetas\/espirales-hojaldre-pasta-aceitunas-salmon-ahumado\/\">Espirales de hojaldre con pasta de aceitunas y salm\u00f3n ahumado<\/a><\/h3>\n<\/div>\n<div class=\"clear\"><\/div>\n<div class=\"one_third\">\n<p><a href=\"https:\/\/www.cobelen.es\/es\/rigatoni-hinojo-aceitunas\/\"><img loading=\"lazy\" decoding=\"async\" class=\"aligncenter wp-image-993 size-full\" src=\"https:\/\/www.cobelen.es\/es\/wp-content\/uploads\/2017\/01\/PASTA-CON-ACEITUNAS.jpg\" alt=\"\" width=\"550\" height=\"385\" \/><\/a><\/p>\n<h3 style=\"text-align: center;\"><a href=\"https:\/\/www.cobelen.es\/es\/rigatoni-hinojo-aceitunas\/\">Rigatoni con hinojo y aceitunas<\/a><\/h3>\n<\/div>\n<div class=\"one_third\">\n<p><a href=\"https:\/\/www.cobelen.es\/es\/montaditos-berenjena-aceitunas-tomate-queso\/\"><img loading=\"lazy\" decoding=\"async\" class=\"aligncenter wp-image-993 size-full\" src=\"https:\/\/www.cobelen.es\/es\/wp-content\/uploads\/2017\/01\/APERITIVO-ACEITUNAS-REDIMENSION-e1484672766201.jpg\" alt=\"\" width=\"550\" height=\"385\" \/><\/a><\/p>\n<h3 style=\"text-align: center;\"><a href=\"https:\/\/www.cobelen.es\/es\/montaditos-berenjena-aceitunas-tomate-queso\/\">Montaditos de berenjena, aceitunas, tomate y queso<\/a><\/h3>\n<\/div>\n<div class=\"one_third last\">\n<p><a href=\"https:\/\/www.cobelen.es\/es\/coliflor-salsa-aceitunas\/\"><img loading=\"lazy\" decoding=\"async\" class=\"aligncenter wp-image-1115 size-full\" src=\"https:\/\/www.cobelen.es\/es\/wp-content\/uploads\/2017\/01\/ACEITUNAS-CON-SALSA-DE-OLIVAS.jpg\" alt=\"\" width=\"550\" height=\"385\" \/><\/a><\/p>\n<h3 style=\"text-align: center;\"><a href=\"https:\/\/www.cobelen.es\/es\/coliflor-salsa-aceitunas\/\">Coliflor en salsa de aceitunas<\/a><\/h3>\n<\/div>\n<div class=\"clear\"><\/div>\n<div class=\"one_third\">\n<p><a href=\"https:\/\/www.cobelen.es\/es\/vida-sana\/recetas\/bacalao-la-francesa-aceitunas\/\"><img loading=\"lazy\" decoding=\"async\" class=\"aligncenter wp-image-993 size-full\" src=\"https:\/\/www.cobelen.es\/es\/wp-content\/uploads\/2017\/02\/bacalao-a-la-francesa-con-aceitunas.jpg\" alt=\"\" width=\"550\" height=\"385\" \/><\/a><\/p>\n<h3 style=\"text-align: center;\"><a href=\"https:\/\/www.cobelen.es\/es\/vida-sana\/recetas\/bacalao-la-francesa-aceitunas\/\">Bacalao a la francesa con aceitunas<\/a><\/h3>\n<\/div>\n<div class=\"one_third\">\n<p><a href=\"https:\/\/www.cobelen.es\/es\/vida-sana\/recetas\/pechugas-pollo-asadas-aceitunas-limones\/\"><img loading=\"lazy\" decoding=\"async\" class=\"aligncenter wp-image-993 size-full\" src=\"https:\/\/www.cobelen.es\/es\/wp-content\/uploads\/2017\/02\/pechugas-de-pollo-asado-con-aceitunas-y-limones.jpg\" alt=\"\" width=\"550\" height=\"385\" \/><\/a><\/p>\n<h3 style=\"text-align: center;\"><a href=\"https:\/\/www.cobelen.es\/es\/vida-sana\/recetas\/pechugas-pollo-asadas-aceitunas-limones\/\">Pechugas de pollo asadas con aceitunas y limones<\/a><\/h3>\n<\/div>\n<div class=\"one_third last\">\n<p><a href=\"https:\/\/www.cobelen.es\/es\/tarta-tomates-aceitunas-anchoas\/\"><img loading=\"lazy\" decoding=\"async\" class=\"aligncenter wp-image-1115 size-full\" src=\"https:\/\/www.cobelen.es\/es\/wp-content\/uploads\/2017\/03\/Tarta-de-tomates-aceitunas-y-anchoas.jpg\" alt=\"\" width=\"550\" height=\"385\" \/><\/a><\/p>\n<h3 style=\"text-align: center;\"><a href=\"https:\/\/www.cobelen.es\/es\/tarta-tomates-aceitunas-anchoas\/\">Tarta de tomates, aceitunas y anchoas<\/a><\/h3>\n<\/div>\n<div class=\"clear\"><\/div>\n<div class=\"one_third\">\n<p><a href=\"https:\/\/www.cobelen.es\/es\/vida-sana\/recetas\/albondigas-aceitunas-verdes\/\"><img loading=\"lazy\" decoding=\"async\" class=\"aligncenter wp-image-993 size-full\" src=\"https:\/\/www.cobelen.es\/es\/wp-content\/uploads\/2017\/03\/ALBONDIGAS-ACEITUNAS-e1490203515171.jpg\" alt=\"\" width=\"550\" height=\"385\" \/><\/a><\/p>\n<h3 style=\"text-align: center;\"><a href=\"https:\/\/www.cobelen.es\/es\/vida-sana\/recetas\/albondigas-aceitunas-verdes\/\">Alb\u00f3ndigas con aceitunas verdes<\/a><\/h3>\n<\/div>\n<div class=\"one_third\">\n<p><a href=\"https:\/\/www.cobelen.es\/es\/ensalada-pasta-salmon-aceitunas-negras\/\"><img loading=\"lazy\" decoding=\"async\" class=\"aligncenter wp-image-993 size-full\" src=\"https:\/\/www.cobelen.es\/es\/wp-content\/uploads\/2017\/04\/ensalada-de-pasta-con-salmon-y-aceitunas-negras-e1491904339233.jpg\" alt=\"\" width=\"550\" height=\"385\" \/><\/a><\/p>\n<h3 style=\"text-align: center;\"><a href=\"https:\/\/www.cobelen.es\/es\/ensalada-pasta-salmon-aceitunas-negras\/\">Ensalada de pasta con salm\u00f3n y aceitunas negras<\/a><\/h3>\n<\/div>\n<div class=\"one_third last\">\n<p><a href=\"https:\/\/www.cobelen.es\/es\/vida-sana\/recetas\/pollo-frito-crema-cebolla-cerveza-negra-aceitunas-verdes\/\"><img loading=\"lazy\" decoding=\"async\" class=\"aligncenter wp-image-1115 size-full\" src=\"https:\/\/www.cobelen.es\/es\/wp-content\/uploads\/2016\/09\/PODEFINITIVO-e1492613474105.jpg\" alt=\"\" width=\"550\" height=\"385\" \/><\/a><\/p>\n<h3 style=\"text-align: center;\"><a href=\"https:\/\/www.cobelen.es\/es\/vida-sana\/recetas\/pollo-frito-crema-cebolla-cerveza-negra-aceitunas-verdes\/\">Pollo frito con crema de cebollas, cerveza negra y aceitunas verdes<\/a><\/h3>\n<\/div>\n<div class=\"clear\"><\/div>\n<div class=\"one_third\">\n<p><a href=\"https:\/\/www.cobelen.es\/es\/vida-sana\/recetas\/ensalada-judias-verdes-vinagreta-aceitunas\/\"><img loading=\"lazy\" decoding=\"async\" class=\"aligncenter wp-image-993 size-full\" src=\"https:\/\/www.cobelen.es\/es\/wp-content\/uploads\/2017\/03\/VINAGRETA-ACEITUNAS.jpg\" alt=\"\" width=\"550\" height=\"385\" \/><\/a><\/p>\n<h3 style=\"text-align: center;\"><a href=\"https:\/\/www.cobelen.es\/es\/vida-sana\/recetas\/ensalada-judias-verdes-vinagreta-aceitunas\/\">Ensalada de jud\u00edas verdes y vinagreta de aceitunas<\/a><\/h3>\n<\/div>\n<div class=\"one_third\">\n<p><a href=\"https:\/\/www.cobelen.es\/es\/vida-sana\/recetas\/coliflor-bechamel-aceitunas\/\"><img loading=\"lazy\" decoding=\"async\" class=\"aligncenter wp-image-993 size-full\" src=\"https:\/\/www.cobelen.es\/es\/wp-content\/uploads\/2017\/05\/COLIFLOR.jpg\" alt=\"\" width=\"550\" height=\"385\" \/><\/a><\/p>\n<h3 style=\"text-align: center;\"><a href=\"https:\/\/www.cobelen.es\/es\/vida-sana\/recetas\/coliflor-bechamel-aceitunas\/\">Coliflor con bechamel de aceitunas<\/a><\/h3>\n<\/div>\n<div class=\"one_third last\">\n<p><a href=\"https:\/\/www.cobelen.es\/es\/vida-sana\/recetas\/boquerones-fritos-rellenos-aceitunas\/\"><img loading=\"lazy\" decoding=\"async\" class=\"aligncenter wp-image-1115 size-full\" src=\"https:\/\/www.cobelen.es\/es\/wp-content\/uploads\/2017\/04\/BOQUERONES-FRITOS-RELLENOS-DE-ACEITUNAS-e1494343655208.jpg\" alt=\"\" width=\"550\" height=\"385\" \/><\/a><\/p>\n<h3 style=\"text-align: center;\"><a href=\"https:\/\/www.cobelen.es\/es\/vida-sana\/recetas\/boquerones-fritos-rellenos-aceitunas\/\">Boquerones fritos rellenos de aceitunas<\/a><\/h3>\n<\/div>\n<div class=\"clear\"><\/div>\n<div class=\"one_third\">\n<p><a href=\"https:\/\/www.cobelen.es\/es\/vida-sana\/recetas\/ensalada-cuscus-aceitunas-pimientos\/\"><img loading=\"lazy\" decoding=\"async\" class=\"aligncenter wp-image-993 size-full\" src=\"https:\/\/www.cobelen.es\/es\/wp-content\/uploads\/2017\/05\/ENSALADA-DE-CUSCU\u0301S-e1495454022305.jpg\" alt=\"\" width=\"550\" height=\"385\" \/><\/a><\/p>\n<h3 style=\"text-align: center;\"><a href=\"https:\/\/www.cobelen.es\/es\/vida-sana\/recetas\/ensalada-cuscus-aceitunas-pimientos\/\">Ensalada de cusc\u00fas con aceitunas y pimientos<\/a><\/h3>\n<\/div>\n<div class=\"one_third\">\n<p><a href=\"https:\/\/www.cobelen.es\/es\/vida-sana\/recetas\/tajine-pollo-aceitunas-verdes\/\"><img loading=\"lazy\" decoding=\"async\" class=\"aligncenter wp-image-993 size-full\" src=\"https:\/\/www.cobelen.es\/es\/wp-content\/uploads\/2017\/03\/TAJINE-DE-POLLO-CON-ACEITUNAS.jpg\" alt=\"\" width=\"550\" height=\"385\" \/><\/a><\/p>\n<h3 style=\"text-align: center;\"><a href=\"https:\/\/www.cobelen.es\/es\/vida-sana\/recetas\/tajine-pollo-aceitunas-verdes\/\">Tajine de pollo con aceitunas<\/a><\/h3>\n<\/div>\n<div class=\"one_third last\">\n<p><a href=\"https:\/\/www.cobelen.es\/es\/vida-sana\/recetas\/robalo-costra-aceitunas\/\"><img loading=\"lazy\" decoding=\"async\" class=\"aligncenter wp-image-1115 size-full\" src=\"https:\/\/www.cobelen.es\/es\/wp-content\/uploads\/2017\/05\/RO\u0301BALO-CON-COSTRA-DE-ACEITUNAS.jpg\" alt=\"\" width=\"550\" height=\"385\" \/><\/a><\/p>\n<h3 style=\"text-align: center;\"><a href=\"https:\/\/www.cobelen.es\/es\/vida-sana\/recetas\/robalo-costra-aceitunas\/\">R\u00f3balo en costra de aceitunas<\/a><\/h3>\n<\/div>\n<div class=\"clear\"><\/div>\n<div class=\"one_third\">\n<p><a href=\"https:\/\/www.cobelen.es\/es\/vida-sana\/recetas\/macarrones-eneldo-migas-aceitunas\/\"><img loading=\"lazy\" decoding=\"async\" class=\"aligncenter wp-image-993 size-full\" src=\"https:\/\/www.cobelen.es\/es\/wp-content\/uploads\/2017\/06\/MACARRONES-ACEITUNAS.jpg\" alt=\"\" width=\"550\" height=\"385\" \/><\/a><\/p>\n<h3 style=\"text-align: center;\"><a href=\"https:\/\/www.cobelen.es\/es\/vida-sana\/recetas\/macarrones-eneldo-migas-aceitunas\/\">Macarrones con eneldo y migas de aceitunas<\/a><\/h3>\n<\/div>\n<div class=\"one_third\">\n<p><a href=\"https:\/\/www.cobelen.es\/es\/vida-sana\/recetas\/espaguetis-pepino-aceitunas-requeson-tomates\/\"><img loading=\"lazy\" decoding=\"async\" class=\"aligncenter wp-image-993 size-full\" src=\"https:\/\/www.cobelen.es\/es\/wp-content\/uploads\/2017\/06\/ESPAGUETIS.jpg\" alt=\"\" width=\"550\" height=\"385\" \/><\/a><\/p>\n<h3 style=\"text-align: center;\"><a href=\"https:\/\/www.cobelen.es\/es\/vida-sana\/recetas\/espaguetis-pepino-aceitunas-requeson-tomates\/\">Espaguetis de pepino con aceitunas, reques\u00f3n y tomates<\/a><\/h3>\n<\/div>\n<div class=\"one_third last\">\n<p><a href=\"https:\/\/www.cobelen.es\/es\/vida-sana\/recetas\/calabacines-la-nizarda\/\"><img loading=\"lazy\" decoding=\"async\" class=\"aligncenter wp-image-1115 size-full\" src=\"https:\/\/www.cobelen.es\/es\/wp-content\/uploads\/2017\/06\/CALABACINES.jpg\" alt=\"\" width=\"550\" height=\"385\" \/><\/a><\/p>\n<h3 style=\"text-align: center;\"><a href=\"https:\/\/www.cobelen.es\/es\/vida-sana\/recetas\/calabacines-la-nizarda\/\">Calabacines a la nizarda con aceitunas<\/a><\/h3>\n<\/div>\n<div class=\"clear\"><\/div>\n<div class=\"one_third\">\n<p><a href=\"https:\/\/www.cobelen.es\/es\/vida-sana\/recetas\/ensalada-naranja\u2026aceitunas-negras\/\u200e\"><img loading=\"lazy\" decoding=\"async\" class=\"aligncenter wp-image-993 size-full\" src=\"https:\/\/www.cobelen.es\/es\/wp-content\/uploads\/2017\/06\/AGUACATE.jpg\" alt=\"\" width=\"550\" height=\"385\" \/><\/a><\/p>\n<h3 style=\"text-align: center;\"><a href=\"https:\/\/www.cobelen.es\/es\/vida-sana\/recetas\/ensalada-naranja\u2026aceitunas-negras\/\">Ensalada de naranja sanguina y aceitunas negras<\/a><\/h3>\n<\/div>\n<div class=\"one_third\">\n<p><a href=\"https:\/\/www.cobelen.es\/es\/vida-sana\/recetas\/aceitunas-blancas-aceite-virgen-extra-picantes\/\"><img loading=\"lazy\" decoding=\"async\" class=\"aligncenter wp-image-993 size-full\" src=\"https:\/\/www.cobelen.es\/es\/wp-content\/uploads\/2017\/07\/photo.jpg\" alt=\"\" width=\"550\" height=\"385\" \/><\/a><\/p>\n<h3 style=\"text-align: center;\"><a href=\"https:\/\/www.cobelen.es\/es\/vida-sana\/recetas\/aceitunas-blancas-aceite-virgen-extra-picantes\/\">Aceitunas blancas en aceite virgen extra picantes<\/a><\/h3>\n<\/div>\n<div class=\"one_third last\">\n<p><a href=\"https:\/\/www.cobelen.es\/es\/vida-sana\/recetas\/magdalenas-aceitunas-negras\/\"><img loading=\"lazy\" decoding=\"async\" class=\"aligncenter wp-image-1115 size-full\" src=\"https:\/\/www.cobelen.es\/es\/wp-content\/uploads\/2017\/08\/magdalenas-aceitunas.png\" alt=\"\" width=\"550\" height=\"385\" \/><\/a><\/p>\n<h3 style=\"text-align: center;\"><a href=\"https:\/\/www.cobelen.es\/es\/vida-sana\/recetas\/magdalenas-aceitunas-negras\/\">Magdalenas de aceitunas negras<\/a><\/h3>\n<\/div>\n<div class=\"clear\"><\/div>\n<div class=\"one_third\">\n<p><a href=\"https:\/\/www.cobelen.es\/es\/vida-sana\/recetas\/pate-aceitunas-negras\/\"><img loading=\"lazy\" decoding=\"async\" class=\"aligncenter wp-image-993 size-full\" src=\"https:\/\/www.cobelen.es\/es\/wp-content\/uploads\/2017\/07\/verda.png\" alt=\"\" width=\"550\" height=\"385\" \/><\/a><\/p>\n<h3 style=\"text-align: center;\"><a href=\"https:\/\/www.cobelen.es\/es\/vida-sana\/recetas\/pate-aceitunas-negras\/\">Pat\u00e9 de aceitunas negras<\/a><\/h3>\n<\/div>\n<div class=\"one_third\">\n<p><a href=\"https:\/\/www.cobelen.es\/es\/tapenade-aceitunas-negras\/\"><img loading=\"lazy\" decoding=\"async\" class=\"aligncenter wp-image-993 size-full\" src=\"https:\/\/www.cobelen.es\/es\/wp-content\/uploads\/2017\/10\/1366_2000-e1508750009841.jpg\" alt=\"\" width=\"550\" height=\"385\" \/><\/a><\/p>\n<h3 style=\"text-align: center;\"><a href=\"https:\/\/www.cobelen.es\/es\/tapenade-aceitunas-negras\/\">Tapenade de aceitunas negras<\/a><\/h3>\n<\/div>\n<div class=\"one_third last\">\n<p><a href=\"https:\/\/www.cobelen.es\/es\/rollo-pure-patatas-salsa-picante\/\"><img loading=\"lazy\" decoding=\"async\" class=\"aligncenter wp-image-1115 size-full\" src=\"https:\/\/www.cobelen.es\/es\/wp-content\/uploads\/2015\/02\/oo.jpg\" alt=\"\" width=\"550\" height=\"385\" \/><\/a><\/p>\n<h3 style=\"text-align: center;\"><a href=\"https:\/\/www.cobelen.es\/es\/rollo-pure-patatas-salsa-picante\/\">Rollo de pur\u00e9 de patatas con salsa picante<\/a><\/h3>\n<\/div>\n<div class=\"clear\"><\/div>\n<div class=\"one_third\">\n<p><a href=\"https:\/\/www.cobelen.es\/es\/vida-sana\/recetas\/conejo-con-aceitunas\/\"><img loading=\"lazy\" decoding=\"async\" class=\"aligncenter wp-image-993 size-full\" src=\"https:\/\/www.cobelen.es\/es\/wp-content\/uploads\/2017\/07\/453-conejo-con-aceitunas-xl-668x400x80xX.jpg\" alt=\"\" width=\"550\" height=\"385\" \/><\/a><\/p>\n<h3 style=\"text-align: center;\"><a href=\"https:\/\/www.cobelen.es\/es\/vida-sana\/recetas\/conejo-con-aceitunas\/\">Conejo con aceituna<\/a><\/h3>\n<\/div>\n<div class=\"one_third\">\n<p><a href=\"https:\/\/www.cobelen.es\/es\/bloody-mary-pure-aceitunas-negras\/\"><img loading=\"lazy\" decoding=\"async\" class=\"aligncenter wp-image-993 size-full\" src=\"https:\/\/www.cobelen.es\/es\/wp-content\/uploads\/2018\/01\/Bloody-mary.png\" alt=\"Bloody-Mary-Con-Aceitunas-Negras\" width=\"550\" height=\"385\" \/><\/a><\/p>\n<h3 style=\"text-align: center;\"><a href=\"https:\/\/www.cobelen.es\/es\/bloody-mary-pure-aceitunas-negras\/\">Bloody Mary con aceitunas negras<\/a><\/h3>\n<\/div>\n<div class=\"one_third last\">\n<p><a href=\"https:\/\/www.cobelen.es\/es\/vida-sana\/recetas\/tortitas-maiz-anchoas-aceitunas\/\"><img loading=\"lazy\" decoding=\"async\" class=\"aligncenter wp-image-1115 size-full\" src=\"https:\/\/www.cobelen.es\/es\/wp-content\/uploads\/2018\/02\/Aceitu.png\" alt=\"\" width=\"550\" height=\"385\" \/><\/a><\/p>\n<h3 style=\"text-align: center;\"><a href=\"https:\/\/www.cobelen.es\/es\/vida-sana\/recetas\/tortitas-maiz-anchoas-aceitunas\/\">Tortitas de ma\u00edz con anchoas y aceitunas<\/a><\/h3>\n<\/div>\n<div class=\"clear\"><\/div>\n<div class=\"one_third\">\n<p><a href=\"https:\/\/www.cobelen.es\/es\/rollitos-cecina-germinados-sirope-membrillo-tierra-aceitunas-negras\/\"><img loading=\"lazy\" decoding=\"async\" class=\"aligncenter wp-image-993 size-full\" src=\"https:\/\/www.cobelen.es\/es\/wp-content\/uploads\/2018\/03\/cecina.png\" alt=\"\" width=\"550\" height=\"385\" \/><\/a><\/p>\n<h3 style=\"text-align: center;\"><a href=\"https:\/\/www.cobelen.es\/es\/rollitos-cecina-germinados-sirope-membrillo-tierra-aceitunas-negras\/\">Rollitos de cecina con germinados y sirope de membrillo sobre tierra de aceitunas negras<\/a><\/h3>\n<\/div>\n<div class=\"one_third\">\n<p><a href=\"https:\/\/www.cobelen.es\/es\/vida-sana\/recetas\/dados-lomo-guarnicion-pimientos-aceitunas\/\"><img loading=\"lazy\" decoding=\"async\" class=\"aligncenter wp-image-993 size-full\" src=\"https:\/\/www.cobelen.es\/es\/wp-content\/uploads\/2018\/04\/1-lomo.png\" alt=\"Dados-de-lomo-con-guarnicion-de-pimientos-y-aceitunas\" width=\"550\" height=\"385\" \/><\/a><\/p>\n<h3 style=\"text-align: center;\"><a href=\"https:\/\/www.cobelen.es\/es\/vida-sana\/recetas\/dados-lomo-guarnicion-pimientos-aceitunas\/\">Dados de lomo con guarnici\u00f3n de pimientos y aceitunas<\/a><\/h3>\n<\/div>\n<div class=\"one_third last\">\n","protected":false},"excerpt":{"rendered":"<p>Ali\u00f1o tropical con aceitunas Gordal y migas de bacalao Panecillo de Jam\u00f3n Serrano y Aceitunas Ensaladita de aceitunas verdes, pasta y vinagreta de lim\u00f3n Pat\u00e9 de aceitunas Pasta con albahaca, mozzarella y aceitunas Arroz con conejo y aceitunas Salm\u00f3n con aceitunas negras y tomates cherry Pollo a la cerveza con esp\u00e1rragos y aceitunas Focaccia de [&hellip;]<\/p>\n","protected":false},"author":27,"featured_media":0,"parent":350,"menu_order":0,"comment_status":"closed","ping_status":"closed","template":"","meta":{"_bbp_topic_count":0,"_bbp_reply_count":0,"_bbp_total_topic_count":0,"_bbp_total_reply_count":0,"_bbp_voice_count":0,"_bbp_anonymous_reply_count":0,"_bbp_topic_count_hidden":0,"_bbp_reply_count_hidden":0,"_bbp_forum_subforum_count":0,"footnotes":""},"class_list":["post-356","page","type-page","status-publish","hentry"],"_links":{"self":[{"href":"https:\/\/www.cobelen.es\/es\/wp-json\/wp\/v2\/pages\/356"}],"collection":[{"href":"https:\/\/www.cobelen.es\/es\/wp-json\/wp\/v2\/pages"}],"about":[{"href":"https:\/\/www.cobelen.es\/es\/wp-json\/wp\/v2\/types\/page"}],"author":[{"embeddable":true,"href":"https:\/\/www.cobelen.es\/es\/wp-json\/wp\/v2\/users\/27"}],"replies":[{"embeddable":true,"href":"https:\/\/www.cobelen.es\/es\/wp-json\/wp\/v2\/comments?post=356"}],"version-history":[{"count":5,"href":"https:\/\/www.cobelen.es\/es\/wp-json\/wp\/v2\/pages\/356\/revisions"}],"predecessor-version":[{"id":1920,"href":"https:\/\/www.cobelen.es\/es\/wp-json\/wp\/v2\/pages\/356\/revisions\/1920"}],"up":[{"embeddable":true,"href":"https:\/\/www.cobelen.es\/es\/wp-json\/wp\/v2\/pages\/350"}],"wp:attachment":[{"href":"https:\/\/www.cobelen.es\/es\/wp-json\/wp\/v2\/media?parent=356"}],"curies":[{"name":"wp","href":"https:\/\/api.w.org\/{rel}","templated":true}]}}