{"id":171,"date":"2015-01-12T09:01:37","date_gmt":"2015-01-12T09:01:37","guid":{"rendered":"https:\/\/www.cobelen.es\/es\/?page_id=171"},"modified":"2015-02-03T10:08:30","modified_gmt":"2015-02-03T10:08:30","slug":"gordal","status":"publish","type":"page","link":"https:\/\/www.cobelen.es\/es\/productos\/variedades\/gordal\/","title":{"rendered":"Gordal"},"content":{"rendered":"<div class=\"one_half\">\n<img decoding=\"async\" src=\"https:\/\/www.cobelen.es\/es\/wp-content\/uploads\/2015\/01\/gordal-1.jpg\" alt=\"gordal-1\" class=\"aligncenter size-full wp-image-328\" \/><\/p>\n<p class=\"capitular\">La aceituna de la variedad Gordal recibe dicha denominaci\u00f3n por su gran tama\u00f1o. Su peso medio es de 12 gramos. Esta cualidad la convierte en un tipo de aceituna muy apreciada por los consumidores de todo el mundo.<\/p>\n<p>En cuanto a su cultivo, hay que poner de manifiesto que tiene lugar, sobre todo, en la parte occidental de la comunidad aut\u00f3noma de Andaluc\u00eda. M\u00e1s concretamente, en la provincia de Sevilla y, en menor medida, en zonas de Huelva y C\u00f3rdoba.\n<\/p><\/div>\n<div class=\"one_half last\">\n<img decoding=\"async\" src=\"https:\/\/www.cobelen.es\/es\/wp-content\/uploads\/2015\/01\/gordal-2.jpg\" alt=\"gordal-2\" class=\"aligncenter size-full wp-image-329\" \/><\/p>\n<p>Asimismo, al igual que ocurre con la Manzanilla Fina, el \u201cestilo sevillano\u201d de la aceituna Gordal es el que cuenta con mayor aceptaci\u00f3n entre el p\u00fablico que consume este producto.<\/p>\n<p>Su singular sabor es muy apreciado y da lugar a poder ser consumida de diferentes maneras como, por ejemplo, enteras, deshuesadas o con multitud de rellenos diferentes.<\/p>\n<p>En cuanto a sus cualidades, se\u00f1alar que presenta una relaci\u00f3n entre pulpa y hueso media-alta. Su alto valor nutricional y organol\u00e9ptico la convierte en un aperitivo con sabor personal y saludable.\n<\/p><\/div>\n<div class=\"clear\"><\/div>\n","protected":false},"excerpt":{"rendered":"<p>La aceituna de la variedad Gordal recibe dicha denominaci\u00f3n por su gran tama\u00f1o. Su peso medio es de 12 gramos. Esta cualidad la convierte en un tipo de aceituna muy apreciada por los consumidores de todo el mundo. En cuanto a su cultivo, hay que poner de manifiesto que tiene lugar, sobre todo, en la [&hellip;]<\/p>\n","protected":false},"author":27,"featured_media":0,"parent":158,"menu_order":0,"comment_status":"closed","ping_status":"closed","template":"","meta":{"_bbp_topic_count":0,"_bbp_reply_count":0,"_bbp_total_topic_count":0,"_bbp_total_reply_count":0,"_bbp_voice_count":0,"_bbp_anonymous_reply_count":0,"_bbp_topic_count_hidden":0,"_bbp_reply_count_hidden":0,"_bbp_forum_subforum_count":0,"footnotes":""},"class_list":["post-171","page","type-page","status-publish","hentry"],"_links":{"self":[{"href":"https:\/\/www.cobelen.es\/es\/wp-json\/wp\/v2\/pages\/171"}],"collection":[{"href":"https:\/\/www.cobelen.es\/es\/wp-json\/wp\/v2\/pages"}],"about":[{"href":"https:\/\/www.cobelen.es\/es\/wp-json\/wp\/v2\/types\/page"}],"author":[{"embeddable":true,"href":"https:\/\/www.cobelen.es\/es\/wp-json\/wp\/v2\/users\/27"}],"replies":[{"embeddable":true,"href":"https:\/\/www.cobelen.es\/es\/wp-json\/wp\/v2\/comments?post=171"}],"version-history":[{"count":5,"href":"https:\/\/www.cobelen.es\/es\/wp-json\/wp\/v2\/pages\/171\/revisions"}],"predecessor-version":[{"id":330,"href":"https:\/\/www.cobelen.es\/es\/wp-json\/wp\/v2\/pages\/171\/revisions\/330"}],"up":[{"embeddable":true,"href":"https:\/\/www.cobelen.es\/es\/wp-json\/wp\/v2\/pages\/158"}],"wp:attachment":[{"href":"https:\/\/www.cobelen.es\/es\/wp-json\/wp\/v2\/media?parent=171"}],"curies":[{"name":"wp","href":"https:\/\/api.w.org\/{rel}","templated":true}]}}