{"id":1592,"date":"2017-04-19T16:53:49","date_gmt":"2017-04-19T14:53:49","guid":{"rendered":"https:\/\/www.cobelen.es\/es\/?page_id=1592"},"modified":"2017-04-19T16:53:49","modified_gmt":"2017-04-19T14:53:49","slug":"pollo-frito-crema-cebolla-cerveza-negra-aceitunas-verdes","status":"publish","type":"page","link":"https:\/\/www.cobelen.es\/es\/vida-sana\/recetas\/pollo-frito-crema-cebolla-cerveza-negra-aceitunas-verdes\/","title":{"rendered":"Pollo frito con crema de cebolla, cerveza negra y aceitunas verdes"},"content":{"rendered":"<div class=\"one_half\"><img loading=\"lazy\" decoding=\"async\" class=\"aligncenter wp-image-1054 size-full\" src=\"https:\/\/www.cobelen.es\/es\/wp-content\/uploads\/2016\/09\/PODEFINITIVO-e1492613474105.jpg\" alt=\"\" width=\"550\" height=\"385\" \/><\/div>\n<div class=\"one_half last\">\n<h3>Ingredientes<\/h3>\n<ul>\n<li>300 gramos de aceitunas verdes Cobel\u00e9n<\/li>\n<li>6 muslos de pollo sin piel<\/li>\n<li>2 cucharadas de aceite de oliva<\/li>\n<li>2 botellas de cerveza negra amarga<\/li>\n<li>1 paquete de sopa crema de cebolla<\/li>\n<li>1 lata de crema de leche sin suero<\/li>\n<li>Sal<\/li>\n<\/ul>\n<\/div>\n<div class=\"clear\"><\/div>\n<div class=\"margen-1\"><\/div>\n<h3>Preparaci\u00f3n<\/h3>\n<p>Para comenzar, engrasa una cazuela con aceite de oliva virgen extra y coloca los trozos de pollo y las aceitunas. Como la sopa de cebolla est\u00e1 un poco salada y condimentada de por s\u00ed, no necesita moderar a\u00fan m\u00e1s el pollo.<\/p>\n<p>A continuaci\u00f3n, en un recipiente aparte, coloca la sopa de cebolla, la cerveza negra y la crema de leche. Mezclamos bien y luego vi\u00e9rtelo sobre el pollo. C\u00fabrelo con papel de aluminio e introd\u00facelo en el horno durante 40 minutos.<\/p>\n<p>Seguidamente, retiramos el papel de aluminio y dejamos que el pollo se dore. Giramos las piezas para que la carne coja todo el condimento de la cerveza y lo dejamos en el horno durante otros 15 minutos.<\/p>\n<p>Para finalizar, retiramos del horno y a servir.<\/p>\n<p>&nbsp;<\/p>\n<p style=\"text-align: right;\">Fuente: <a href=\"http:\/\/pysnnoticias.com\/pollo-frito-con-crema-de-cebolla-y-cerveza-negra\/\" target=\"_blank\">Psynnoticias<\/a><\/p>\n<p style=\"text-align: right;\">Imagen: <a href=\"http:\/\/apuntogastronomica.com\/wordpress\/wp-content\/uploads\/2015\/12\/Pollo-frito-con-mojo-intenso.jpg\" target=\"_blank\">Apunto Gastron\u00f3mica<br \/>\n<\/a><\/p>\n","protected":false},"excerpt":{"rendered":"<p>Ingredientes 300 gramos de aceitunas verdes Cobel\u00e9n 6 muslos de pollo sin piel 2 cucharadas de aceite de oliva 2 botellas de cerveza negra amarga 1 paquete de sopa crema de cebolla 1 lata de crema de leche sin suero Sal Preparaci\u00f3n Para comenzar, engrasa una cazuela con aceite de oliva virgen extra y coloca [&hellip;]<\/p>\n","protected":false},"author":27,"featured_media":0,"parent":356,"menu_order":0,"comment_status":"closed","ping_status":"closed","template":"","meta":{"_bbp_topic_count":0,"_bbp_reply_count":0,"_bbp_total_topic_count":0,"_bbp_total_reply_count":0,"_bbp_voice_count":0,"_bbp_anonymous_reply_count":0,"_bbp_topic_count_hidden":0,"_bbp_reply_count_hidden":0,"_bbp_forum_subforum_count":0,"footnotes":""},"class_list":["post-1592","page","type-page","status-publish","hentry"],"_links":{"self":[{"href":"https:\/\/www.cobelen.es\/es\/wp-json\/wp\/v2\/pages\/1592"}],"collection":[{"href":"https:\/\/www.cobelen.es\/es\/wp-json\/wp\/v2\/pages"}],"about":[{"href":"https:\/\/www.cobelen.es\/es\/wp-json\/wp\/v2\/types\/page"}],"author":[{"embeddable":true,"href":"https:\/\/www.cobelen.es\/es\/wp-json\/wp\/v2\/users\/27"}],"replies":[{"embeddable":true,"href":"https:\/\/www.cobelen.es\/es\/wp-json\/wp\/v2\/comments?post=1592"}],"version-history":[{"count":2,"href":"https:\/\/www.cobelen.es\/es\/wp-json\/wp\/v2\/pages\/1592\/revisions"}],"predecessor-version":[{"id":1608,"href":"https:\/\/www.cobelen.es\/es\/wp-json\/wp\/v2\/pages\/1592\/revisions\/1608"}],"up":[{"embeddable":true,"href":"https:\/\/www.cobelen.es\/es\/wp-json\/wp\/v2\/pages\/356"}],"wp:attachment":[{"href":"https:\/\/www.cobelen.es\/es\/wp-json\/wp\/v2\/media?parent=1592"}],"curies":[{"name":"wp","href":"https:\/\/api.w.org\/{rel}","templated":true}]}}