{"id":1578,"date":"2017-04-11T11:54:00","date_gmt":"2017-04-11T09:54:00","guid":{"rendered":"https:\/\/www.cobelen.es\/es\/?page_id=1578"},"modified":"2017-04-11T11:54:00","modified_gmt":"2017-04-11T09:54:00","slug":"ensalada-pasta-salmon-aceitunas-negras","status":"publish","type":"page","link":"https:\/\/www.cobelen.es\/es\/ensalada-pasta-salmon-aceitunas-negras\/","title":{"rendered":"Ensalada de pasta con salm\u00f3n y aceitunas negras"},"content":{"rendered":"<div class=\"one_half\"><img loading=\"lazy\" decoding=\"async\" class=\"aligncenter wp-image-1054 size-full\" src=\"https:\/\/www.cobelen.es\/es\/wp-content\/uploads\/2017\/04\/ensalada-de-pasta-con-salmon-y-aceitunas-negras.jpg\" alt=\"\" width=\"550\" height=\"385\" \/><\/div>\n<div class=\"one_half last\">\n<h3>Ingredientes<\/h3>\n<ul>\n<li>100 gr de aceitunas negras Cobel\u00e9n deshuesadas<\/li>\n<li>300 de fussilli o farfalle<\/li>\n<li>2 huevos duros<\/li>\n<li>200 gr de salm\u00f3n ahumado<\/li>\n<li>400 gr de ma\u00edz dulce<\/li>\n<li>Mezcla de 5 pimientas al gusto<\/li>\n<li>Aceite de Oliva Virgen Extra<\/li>\n<li>Sal<\/li>\n<\/ul>\n<\/div>\n<div class=\"clear\"><\/div>\n<div class=\"margen-1\"><\/div>\n<h3>Preparaci\u00f3n<\/h3>\n<p>Para comenzar, cocemos la pasta en el agua con sal. Tambi\u00e9n podemos cocer los huevos y aprovechar la cocci\u00f3n, lo que ocurre es que habr\u00eda que hervirlos despu\u00e9s de la pasta y nunca las dos cosas a la vez.<\/p>\n<p>Cocemos la pasta hasta que est\u00e9 al dente o al punto que nos guste a cada uno de nosotros. La colamos y la pasamos por un chorro de agua fr\u00eda para cortar la cocci\u00f3n. <\/p>\n<p>Vertemos un chorro de aceite de oliva para que la pasta est\u00e9 suelta y jugosa. Removemos bien para repartir bien el aceite y la apartamos. A continuaci\u00f3n, picamos los huevos duros en dados peque\u00f1os, cortamos las aceitunas negras Cobel\u00e9n en rodajas y el salm\u00f3n lo disponemos en tiritas. <\/p>\n<p>Echamos todos los ingredientes en un recipiente y removemos todo muy bien hasta que todas las partes queden bien mezcladas. A\u00f1adimos aceite de oliva virgen extra y pimienta al gusto y servimos. <\/p>\n<p>&nbsp;<\/p>\n<p style=\"text-align: right;\">Fuente: <a href=\"https:\/\/www.elsiglodedurango.com.mx\/noticia\/727402.ensalada-de-pasta-con-salmon-y-aceitunas-negras.html \n\" target=\"_blank\">El Siglo de Durango<\/a><\/p>\n<p style=\"text-align: right;\">Imagen: <a href=\"http:\/\/www.recetasdiarias.com\/wp-content\/uploads\/2013\/07\/ensalada-de-pasta-con-salmon-y-aceitunas-negras.jpg\" target=\"_blank\">Recetas Diarias<\/a><\/p>\n","protected":false},"excerpt":{"rendered":"<p>Ingredientes 100 gr de aceitunas negras Cobel\u00e9n deshuesadas 300 de fussilli o farfalle 2 huevos duros 200 gr de salm\u00f3n ahumado 400 gr de ma\u00edz dulce Mezcla de 5 pimientas al gusto Aceite de Oliva Virgen Extra Sal Preparaci\u00f3n Para comenzar, cocemos la pasta en el agua con sal. Tambi\u00e9n podemos cocer los huevos y [&hellip;]<\/p>\n","protected":false},"author":27,"featured_media":0,"parent":0,"menu_order":0,"comment_status":"closed","ping_status":"closed","template":"","meta":{"_bbp_topic_count":0,"_bbp_reply_count":0,"_bbp_total_topic_count":0,"_bbp_total_reply_count":0,"_bbp_voice_count":0,"_bbp_anonymous_reply_count":0,"_bbp_topic_count_hidden":0,"_bbp_reply_count_hidden":0,"_bbp_forum_subforum_count":0,"footnotes":""},"class_list":["post-1578","page","type-page","status-publish","hentry"],"_links":{"self":[{"href":"https:\/\/www.cobelen.es\/es\/wp-json\/wp\/v2\/pages\/1578"}],"collection":[{"href":"https:\/\/www.cobelen.es\/es\/wp-json\/wp\/v2\/pages"}],"about":[{"href":"https:\/\/www.cobelen.es\/es\/wp-json\/wp\/v2\/types\/page"}],"author":[{"embeddable":true,"href":"https:\/\/www.cobelen.es\/es\/wp-json\/wp\/v2\/users\/27"}],"replies":[{"embeddable":true,"href":"https:\/\/www.cobelen.es\/es\/wp-json\/wp\/v2\/comments?post=1578"}],"version-history":[{"count":1,"href":"https:\/\/www.cobelen.es\/es\/wp-json\/wp\/v2\/pages\/1578\/revisions"}],"predecessor-version":[{"id":1580,"href":"https:\/\/www.cobelen.es\/es\/wp-json\/wp\/v2\/pages\/1578\/revisions\/1580"}],"wp:attachment":[{"href":"https:\/\/www.cobelen.es\/es\/wp-json\/wp\/v2\/media?parent=1578"}],"curies":[{"name":"wp","href":"https:\/\/api.w.org\/{rel}","templated":true}]}}