{"id":116,"date":"2014-10-24T07:44:03","date_gmt":"2014-10-24T07:44:03","guid":{"rendered":"https:\/\/www.cobelen.es\/es\/?page_id=116"},"modified":"2021-05-28T09:20:59","modified_gmt":"2021-05-28T07:20:59","slug":"marcas-privadas","status":"publish","type":"page","link":"https:\/\/www.cobelen.es\/es\/servicios\/marcas-privadas\/","title":{"rendered":"Marcas privadas"},"content":{"rendered":"<p><img loading=\"lazy\" decoding=\"async\" width=\"650\" height=\"316\" class=\"aligncenter size-full wp-image-285\" src=\"https:\/\/www.cobelen.es\/es\/wp-content\/uploads\/2014\/10\/marcas-privadas1.jpg\" alt=\"marcas-privadas\" srcset=\"https:\/\/www.cobelen.es\/es\/wp-content\/uploads\/2014\/10\/marcas-privadas1.jpg 650w, https:\/\/www.cobelen.es\/es\/wp-content\/uploads\/2014\/10\/marcas-privadas1-300x146.jpg 300w\" sizes=\"(max-width: 650px) 100vw, 650px\" \/><\/p>\n<h2 style=\"text-align: center;\">ESPECIALIZADOS EN MARCAS PRIVADAS<\/h2>\n<div class=\"margen-1\"><\/div>\n<h4 style=\"text-align: center;\"><img loading=\"lazy\" decoding=\"async\" width=\"42\" height=\"22\" class=\"size-full wp-image-127\" src=\"https:\/\/www.cobelen.es\/es\/wp-content\/uploads\/2014\/10\/postquote.png\" alt=\"postquote\" \/>D\u00edganos lo que desea y le ayudamos a conseguirlo<img loading=\"lazy\" decoding=\"async\" width=\"42\" height=\"22\" class=\"size-full wp-image-134\" src=\"https:\/\/www.cobelen.es\/es\/wp-content\/uploads\/2014\/10\/postquote-cerrar.png\" alt=\"postquote-cerrar\" \/><\/h4>\n<div class=\"margen-1\"><\/div>\n<div class=\"one_half\">\n<p class=\"capitular\">No somos meros proveedores de aceitunas de mesa para nuestros clientes de marcas privadas, sino que nuestra labor consiste en asesorar y colaborar en todas la fases del proceso de producci\u00f3n, desde la gesti\u00f3n de envases y packaging hasta las especificaciones t\u00e9cnicas y desarrollo de nuevos productos adaptados a la normativa de los pa\u00edses de destino. Sin duda, nuestra meta es encontrar la manera de conseguir el beneficio mutuo en todo momento, consolidando y fidelizando las relaciones comerciales a largo plazo.<\/p>\n<p>Asimismo, Cobel\u00e9n cuenta con un amplio y completo equipo humano, que se diferencia del resto por su excelente formaci\u00f3n en la materia, as\u00ed como por sus a\u00f1os de experiencia en el sector. Ambas cuestiones garantizan la consecuci\u00f3n de los objetivos marcados. Somos expertos en orientar los procesos productivos, las actividades llevadas a cabo y las decisiones tomadas hacia la plena satisfacci\u00f3n de las expectativas y las necesidades de nuestros clientes de marcas privadas.<\/p>\n<\/div>\n<div class=\"one_half last\">\n<p>Una de las principales causas de los buenos resultados, que consiguen nuestros clientes de marcas privadas, es la amplia variedad de formatos con la que contamos. Adem\u00e1s de comercializar y producir aceitunas de mesa, verdes y negras, hemos avanzado en la transformaci\u00f3n de productos. Por un lado, contamos con diferentes tipos de preparaciones de aceitunas, como enteras, deshuesadas, en rodajas y multitud de posibles rellenos. Por otro lado, ofrecemos la posibilidad de envasar nuestros productos en todo tipo de formatos de hojalata, vidrio y bolsas.<\/p>\n<p>Si bien, todas nuestras actuaciones siempre tienen en cuenta, en primer lugar, el cumplimiento de las normativas vigentes en cuanto a seguridad alimentaria y, por ende, el respeto al medio ambiente. Se trata de dos prioridades m\u00e1ximas que siempre han estado presentes en esta compa\u00f1\u00eda.<\/p>\n<div class=\"margen-1\"><\/div>\n<h4 style=\"text-align: center;\">Nuestro deseo es ayudarle, \u00bfnos ayuda a hacerlo realidad?<\/h4>\n<\/div>\n<div class=\"clear\"><\/div>\n","protected":false},"excerpt":{"rendered":"<p>ESPECIALIZADOS EN MARCAS PRIVADAS D\u00edganos lo que desea y le ayudamos a conseguirlo No somos meros proveedores de aceitunas de mesa para nuestros clientes de marcas privadas, sino que nuestra labor consiste en asesorar y colaborar en todas la fases del proceso de producci\u00f3n, desde la gesti\u00f3n de envases y packaging hasta las especificaciones t\u00e9cnicas [&hellip;]<\/p>\n","protected":false},"author":27,"featured_media":0,"parent":12,"menu_order":0,"comment_status":"closed","ping_status":"closed","template":"","meta":{"_bbp_topic_count":0,"_bbp_reply_count":0,"_bbp_total_topic_count":0,"_bbp_total_reply_count":0,"_bbp_voice_count":0,"_bbp_anonymous_reply_count":0,"_bbp_topic_count_hidden":0,"_bbp_reply_count_hidden":0,"_bbp_forum_subforum_count":0,"footnotes":""},"class_list":["post-116","page","type-page","status-publish","hentry"],"_links":{"self":[{"href":"https:\/\/www.cobelen.es\/es\/wp-json\/wp\/v2\/pages\/116"}],"collection":[{"href":"https:\/\/www.cobelen.es\/es\/wp-json\/wp\/v2\/pages"}],"about":[{"href":"https:\/\/www.cobelen.es\/es\/wp-json\/wp\/v2\/types\/page"}],"author":[{"embeddable":true,"href":"https:\/\/www.cobelen.es\/es\/wp-json\/wp\/v2\/users\/27"}],"replies":[{"embeddable":true,"href":"https:\/\/www.cobelen.es\/es\/wp-json\/wp\/v2\/comments?post=116"}],"version-history":[{"count":5,"href":"https:\/\/www.cobelen.es\/es\/wp-json\/wp\/v2\/pages\/116\/revisions"}],"predecessor-version":[{"id":2763,"href":"https:\/\/www.cobelen.es\/es\/wp-json\/wp\/v2\/pages\/116\/revisions\/2763"}],"up":[{"embeddable":true,"href":"https:\/\/www.cobelen.es\/es\/wp-json\/wp\/v2\/pages\/12"}],"wp:attachment":[{"href":"https:\/\/www.cobelen.es\/es\/wp-json\/wp\/v2\/media?parent=116"}],"curies":[{"name":"wp","href":"https:\/\/api.w.org\/{rel}","templated":true}]}}